{"id":124019,"date":"2021-11-20T23:48:11","date_gmt":"2021-11-20T22:48:11","guid":{"rendered":"https:\/\/www.a-visee-pro.fr\/?page_id=124019"},"modified":"2021-11-20T23:48:12","modified_gmt":"2021-11-20T22:48:12","slug":"reglement-interieur","status":"publish","type":"page","link":"https:\/\/www.a-visee-pro.fr\/index.php\/reglement-interieur\/","title":{"rendered":"R\u00e8glement int\u00e9rieur"},"content":{"rendered":"\n<p class=\"has-text-color has-medium-font-size\" style=\"color:#0055ff\"><strong>I-Objet<\/strong><\/p>\n\n\n\n<p class=\"has-text-align-center has-text-color\" style=\"color:#0055ff\"><strong>Article 1 :<\/strong><\/p>\n\n\n\n<p class=\"has-text-color\" style=\"color:#0055ff\">L\u2019EIRL Sandrine ATTY, ayant pour nom commercial \u00ab&nbsp;A vis\u00e9e Pro&nbsp;\u00bb est un organisme de formation domicili\u00e9 au 1 Bis Faubourg d\u2019Orl\u00e9ans 45300 PITHIVIERS.<\/p>\n\n\n\n<p class=\"has-text-color\" style=\"color:#0055ff\">La d\u00e9claration d\u2019activit\u00e9 est enregistr\u00e9e sous le num\u00e9ro 24.45.03702.45 aupr\u00e8s du Pr\u00e9fet de R\u00e9gion Centre Val de Loire.<\/p>\n\n\n\n<p class=\"has-text-color\" style=\"color:#0055ff\">Le pr\u00e9sent r\u00e8glement est \u00e9tabli conform\u00e9ment aux dispositions des articles L.6352-3 et R.6352-1 \u00e0 R.6352-15 du Code du travail. Il s\u2019applique \u00e0 tous les stagiaires, et ce pour la dur\u00e9e de la formation suivie.<\/p>\n\n\n\n<div style=\"height:100px\" aria-hidden=\"true\" class=\"wp-block-spacer\"><\/div>\n\n\n\n<p class=\"has-text-color has-medium-font-size\" style=\"color:#0055ff\"><strong>II &#8211; Discipline<\/strong><\/p>\n\n\n\n<p class=\"has-text-align-center has-text-color\" style=\"color:#0055ff\"><strong>Article 2 :<\/strong><\/p>\n\n\n\n<p class=\"has-text-color\" style=\"color:#0055ff\">Les horaires de RDV sont fix\u00e9s en accord avec le stagiaire. Celui-ci est tenu de respecter ces horaires.<\/p>\n\n\n\n<p class=\"has-text-align-center has-text-color\" style=\"color:#0055ff\"><strong>Article 3\u00a0:<\/strong><\/p>\n\n\n\n<p class=\"has-text-color\" style=\"color:#0055ff\">Le stagiaire a l\u2019obligation de conserver en bon \u00e9tat, le mat\u00e9riel qui pourrait lui \u00eatre confi\u00e9 dans le cadre de la prestation dispens\u00e9e.<\/p>\n\n\n\n<p class=\"has-text-color\" style=\"color:#0055ff\">L\u2019utilisation du mat\u00e9riel \u00e0 d\u2019autres fins, notamment personnelles, est interdite.<\/p>\n\n\n\n<p class=\"has-text-align-center has-text-color\" style=\"color:#0055ff\"><strong>Article 4\u00a0:<\/strong><\/p>\n\n\n\n<p class=\"has-text-color\" style=\"color:#0055ff\">Il est formellement interdit aux stagiaires :<\/p>\n\n\n\n<p class=\"has-text-color\" style=\"color:#0055ff\">&#8211; D\u2019introduire des boissons alcoolis\u00e9es dans les locaux de l\u2019organisme&nbsp;;<\/p>\n\n\n\n<p class=\"has-text-color\" style=\"color:#0055ff\">&#8211; De se pr\u00e9senter aux formations en \u00e9tat d\u2019\u00e9bri\u00e9t\u00e9&nbsp;;<\/p>\n\n\n\n<p class=\"has-text-color\" style=\"color:#0055ff\">&#8211; De modifier les r\u00e9glages des param\u00e8tres de l\u2019ordinateur&nbsp;;<\/p>\n\n\n\n<p class=\"has-text-color\" style=\"color:#0055ff\">&#8211; D\u2019utiliser leurs t\u00e9l\u00e9phones portables durant les sessions&nbsp;;<\/p>\n\n\n\n<p class=\"has-text-color\" style=\"color:#0055ff\">&#8211; D\u2019emporter tout objet sans autorisation \u00e9crite&nbsp;;<\/p>\n\n\n\n<p class=\"has-text-color\" style=\"color:#0055ff\">&#8211; Sauf d\u00e9rogation, de filmer ou d\u2019enregistrer les entretiens individuels ou collectifs<\/p>\n\n\n\n<div style=\"height:100px\" aria-hidden=\"true\" class=\"wp-block-spacer\"><\/div>\n\n\n\n<p class=\"has-text-color has-medium-font-size\" style=\"color:#0055ff\"><strong>III &#8211; Sanctions<\/strong><\/p>\n\n\n\n<p class=\"has-text-align-center has-text-color\" style=\"color:#0055ff\"><strong>Article 5<\/strong><\/p>\n\n\n\n<p class=\"has-text-color\" style=\"color:#0055ff\">Tout agissement consid\u00e9r\u00e9 comme fautif par la direction de l\u2019organisme de formation pourra, en fonction de sa nature et de sa gravit\u00e9, faire l\u2019objet de l\u2019une ou l\u2019autre des sanctions ci-apr\u00e8s par ordre croissant d\u2019importance :<\/p>\n\n\n\n<ul class=\"has-text-color\" style=\"color:#0055ff\"><li>Avertissement \u00e9crit par le Dirigeant de l\u2019organisme de formation ;<\/li><li>Exclusion d\u00e9finitive de la formation<\/li><\/ul>\n\n\n\n<div style=\"height:100px\" aria-hidden=\"true\" class=\"wp-block-spacer\"><\/div>\n\n\n\n<p class=\"has-text-color has-medium-font-size\" style=\"color:#0055ff\"><strong>IV \u2013 <\/strong><strong>Garanties disciplinaires<\/strong><strong><\/strong><\/p>\n\n\n\n<p class=\"has-text-align-center has-text-color\" style=\"color:#0055ff\"><strong>Article 6<\/strong><\/p>\n\n\n\n<p class=\"has-text-color\" style=\"color:#0055ff\">Aucune sanction ne peut \u00eatre inflig\u00e9e au stagiaire sans que celui-ci ne soit inform\u00e9 dans le m\u00eame temps et par \u00e9crit des griefs retenus contre lui. Lorsque l\u2019organisme de formation envisage une prise de sanction, il convoque le stagiaire par lettre recommand\u00e9e avec accus\u00e9 de r\u00e9ception ou remise \u00e0 l\u2019int\u00e9ress\u00e9 contre d\u00e9charge en lui indiquant l\u2019objet de la convocation, la date, l\u2019heure et le lieu de l\u2019entretien, sauf si la sanction envisag\u00e9e n\u2019a pas d\u2019incidence sur la pr\u00e9sence du stagiaire pour la suite de la formation.<\/p>\n\n\n\n<p class=\"has-text-color\" style=\"color:#0055ff\">Au cours de l\u2019entretien, le stagiaire a la possibilit\u00e9 de se faire assister par une personne de son choix. La convocation mentionn\u00e9e \u00e0 l\u2019article pr\u00e9c\u00e9dent fait \u00e9tat de cette facult\u00e9. Lors de l\u2019entretien, le motif de la sanction envisag\u00e9e est indiqu\u00e9 au stagiaire&nbsp;: celui-ci a alors la possibilit\u00e9 de donner toute explication ou justification des faits qui lui sont reproch\u00e9s.<\/p>\n\n\n\n<p class=\"has-text-color\" style=\"color:#0055ff\">Lorsqu\u2019une mesure conservatoire d\u2019exclusion temporaire \u00e0 effet imm\u00e9diat est consid\u00e9r\u00e9e comme indispensable par l\u2019organisme de formation, aucune sanction d\u00e9finitive relative \u00e0 l\u2019agissement fautif \u00e0 l\u2019origine de cette exclusion ne peut \u00eatre prise sans que le stagiaire n\u2019ait \u00e9t\u00e9 au pr\u00e9alable inform\u00e9 des griefs retenus contre lui et, \u00e9ventuellement, qu\u2019il ait \u00e9t\u00e9 convoqu\u00e9 \u00e0 un entretien.<\/p>\n\n\n\n<p class=\"has-text-color\" style=\"color:#0055ff\">La sanction ne peut intervenir moins d\u2019un jour franc ni plus de 15 jours apr\u00e8s l\u2019entretien o\u00f9, le cas \u00e9ch\u00e9ant, apr\u00e8s avis de la Commission de discipline.<\/p>\n\n\n\n<p class=\"has-text-color\" style=\"color:#0055ff\">Elle fait l\u2019objet d\u2019une notification \u00e9crite et motiv\u00e9e au stagiaire sous forme lettre recommand\u00e9e, ou d\u2019une lettre remise contre d\u00e9charge. L\u2019organisme de formation informe concomitamment l\u2019employeur, et \u00e9ventuellement l\u2019organisme paritaire prenant \u00e0 sa charge les frais de formation, de la sanction prise.<\/p>\n\n\n\n<div style=\"height:100px\" aria-hidden=\"true\" class=\"wp-block-spacer\"><\/div>\n\n\n\n<p class=\"has-text-color has-medium-font-size\" style=\"color:#0055ff\"><strong>V \u2013 Repr\u00e9sentation des stagiaires<\/strong><\/p>\n\n\n\n<p class=\"has-text-align-center has-text-color\" style=\"color:#0055ff\"><strong>Article 7<\/strong><\/p>\n\n\n\n<p class=\"has-text-color\" style=\"color:#0055ff\">Lorsqu\u2019une formation a une dur\u00e9e sup\u00e9rieure \u00e0 500 heures, il est proc\u00e9d\u00e9 \u00e0 l\u2019\u00e9lection d\u2019un d\u00e9l\u00e9gu\u00e9 titulaire et d\u2019un d\u00e9l\u00e9gu\u00e9 suppl\u00e9ant en scrutin uninominal \u00e0 deux tours. Tous les stagiaires sont \u00e9lecteurs et \u00e9ligibles, sauf les d\u00e9tenus admis \u00e0 participer \u00e0 une action de formation professionnelle.<\/p>\n\n\n\n<p class=\"has-text-color\" style=\"color:#0055ff\">L\u2019organisme de formation organise le scrutin qui a lieu pendant les heures de formation, au plus t\u00f4t 20 heures, au plus tard 40 heures apr\u00e8s le d\u00e9but du stage. En cas d\u2019impossibilit\u00e9 de d\u00e9signer les repr\u00e9sentants des stagiaires, l\u2019organisme de formation dresse un PV de carence qu\u2019il transmet au pr\u00e9fet de r\u00e9gion territorialement comp\u00e9tent.<\/p>\n\n\n\n<p class=\"has-text-color\" style=\"color:#0055ff\">Les d\u00e9l\u00e9gu\u00e9s sont \u00e9lus pour la dur\u00e9e de la formation. Leurs fonctions prennent fin lorsqu\u2019ils cessent, pour quelque cause que ce soit de participer \u00e0 la formation.<\/p>\n\n\n\n<p class=\"has-text-color\" style=\"color:#0055ff\">Si le d\u00e9l\u00e9gu\u00e9 titulaire et le d\u00e9l\u00e9gu\u00e9 suppl\u00e9ant ont cess\u00e9 leurs fonctions avant la fin de la session de formation, il est proc\u00e9d\u00e9 \u00e0 une nouvelle \u00e9lection dans les conditions pr\u00e9vues aux articles R.6352-9 \u00e0 R.6352-12.<\/p>\n\n\n\n<p class=\"has-text-color\" style=\"color:#0055ff\">Les repr\u00e9sentants des stagiaires font toute suggestion pour am\u00e9liorer le d\u00e9roulement des stages et les conditions de vie des stagiaires dans l\u2019organisme de formation. Ils pr\u00e9sentent toutes les r\u00e9clamations individuelles ou collectives relatives \u00e0 ces mati\u00e8res, aux conditions d\u2019hygi\u00e8ne et de s\u00e9curit\u00e9 et \u00e0 l\u2019application du r\u00e8glement int\u00e9rieur.<\/p>\n\n\n\n<div style=\"height:100px\" aria-hidden=\"true\" class=\"wp-block-spacer\"><\/div>\n\n\n\n<p class=\"has-text-color has-medium-font-size\" style=\"color:#0055ff\"><strong>VI \u2013 Hygi\u00e8ne et s\u00e9curit\u00e9<\/strong><\/p>\n\n\n\n<p class=\"has-text-align-center has-text-color\" style=\"color:#0055ff\"><strong>Article 8<\/strong><\/p>\n\n\n\n<p class=\"has-text-color\" style=\"color:#0055ff\">La pr\u00e9vention des risques d\u2019accidents et de maladies est imp\u00e9rative et exige de chacun le respect total de toutes les prescriptions applicables en mati\u00e8re d\u2019hygi\u00e8ne et de s\u00e9curit\u00e9. A cet effet, les consignes g\u00e9n\u00e9rales et particuli\u00e8res de s\u00e9curit\u00e9 en vigueur dans l\u2019organisme, lorsqu\u2019elles existent, doivent \u00eatre strictement respect\u00e9es sous peine de sanctions disciplinaires.<\/p>\n\n\n\n<p class=\"has-text-color\" style=\"color:#0055ff\">Lorsque la formation a lieu sur le site de l\u2019entreprise ou d\u2019un \u00e9tablissement d\u00e9j\u00e0 dot\u00e9 d\u2019un r\u00e8glement int\u00e9rieur, les consignes g\u00e9n\u00e9rales et particuli\u00e8res de s\u00e9curit\u00e9 applicables sont celles de ces \u00e9tablissements.<\/p>\n\n\n\n<div style=\"height:100px\" aria-hidden=\"true\" class=\"wp-block-spacer\"><\/div>\n\n\n\n<p class=\"has-text-color has-medium-font-size\" style=\"color:#0055ff\"><strong>VII \u2013 Publicit\u00e9 du r\u00e8glement<\/strong><\/p>\n\n\n\n<p class=\"has-text-align-center has-text-color\" style=\"color:#0055ff\"><strong>Article 9<\/strong><\/p>\n\n\n\n<p class=\"has-text-color\" style=\"color:#0055ff\">Un exemplaire du pr\u00e9sent r\u00e8glement est tenu \u00e0 disposition de chaque stagiaire avant toute inscription d\u00e9finitive.<\/p>\n\n\n\n<div style=\"height:100px\" aria-hidden=\"true\" class=\"wp-block-spacer\"><\/div>\n\n\n\n<p class=\"has-text-color\" style=\"color:#0055ff\">Fait \u00e0 Pithiviers, le 06\/01\/2020<\/p>\n","protected":false},"excerpt":{"rendered":"<p>I-Objet Article 1 : L\u2019EIRL Sandrine ATTY, ayant pour nom commercial \u00ab&nbsp;A vis\u00e9e Pro&nbsp;\u00bb est un organisme de formation domicili\u00e9 au 1 Bis Faubourg d\u2019Orl\u00e9ans 45300 PITHIVIERS. La d\u00e9claration d\u2019activit\u00e9 est enregistr\u00e9e sous le num\u00e9ro 24.45.03702.45 aupr\u00e8s du Pr\u00e9fet de R\u00e9gion Centre Val de Loire. Le pr\u00e9sent r\u00e8glement est \u00e9tabli<span class=\"more-link\"><a href=\"https:\/\/www.a-visee-pro.fr\/index.php\/reglement-interieur\/\">Continue Reading<\/a><\/span><\/p>\n","protected":false},"author":2,"featured_media":0,"parent":0,"menu_order":0,"comment_status":"closed","ping_status":"closed","template":"","meta":{"_monsterinsights_skip_tracking":false,"_monsterinsights_sitenote_active":false,"_monsterinsights_sitenote_note":"","_monsterinsights_sitenote_category":0,"_themeisle_gutenberg_block_has_review":false},"_links":{"self":[{"href":"https:\/\/www.a-visee-pro.fr\/index.php\/wp-json\/wp\/v2\/pages\/124019"}],"collection":[{"href":"https:\/\/www.a-visee-pro.fr\/index.php\/wp-json\/wp\/v2\/pages"}],"about":[{"href":"https:\/\/www.a-visee-pro.fr\/index.php\/wp-json\/wp\/v2\/types\/page"}],"author":[{"embeddable":true,"href":"https:\/\/www.a-visee-pro.fr\/index.php\/wp-json\/wp\/v2\/users\/2"}],"replies":[{"embeddable":true,"href":"https:\/\/www.a-visee-pro.fr\/index.php\/wp-json\/wp\/v2\/comments?post=124019"}],"version-history":[{"count":5,"href":"https:\/\/www.a-visee-pro.fr\/index.php\/wp-json\/wp\/v2\/pages\/124019\/revisions"}],"predecessor-version":[{"id":124073,"href":"https:\/\/www.a-visee-pro.fr\/index.php\/wp-json\/wp\/v2\/pages\/124019\/revisions\/124073"}],"wp:attachment":[{"href":"https:\/\/www.a-visee-pro.fr\/index.php\/wp-json\/wp\/v2\/media?parent=124019"}],"curies":[{"name":"wp","href":"https:\/\/api.w.org\/{rel}","templated":true}]}}